{"id":2602,"date":"2020-08-14T10:37:45","date_gmt":"2020-08-14T09:37:45","guid":{"rendered":"https:\/\/seberaltubeikastola.eus\/?page_id=2602"},"modified":"2022-09-29T22:59:51","modified_gmt":"2022-09-29T21:59:51","slug":"2602-2","status":"publish","type":"page","link":"https:\/\/seberaltubeikastola.eus\/es\/hezkuntza\/2602-2\/","title":{"rendered":"GUZU"},"content":{"rendered":"<section class=\"l-section wpb_row height_medium width_full\"><div class=\"l-section-h i-cf\"><div class=\"g-cols vc_row via_flex valign_top type_default stacking_default\"><div class=\"vc_col-sm-12 wpb_column vc_column_container\"><div class=\"vc_column-inner\"><div class=\"wpb_wrapper\"><div class=\"wpb_text_column\"><div class=\"wpb_wrapper\"><h1><strong>HORARIOS GUZU 2022-2023:<\/strong><\/h1>\n<p><a href=\"https:\/\/seberaltubeikastola.eus\/wp-content\/uploads\/2022\/09\/Guzu-y-deporte-oferta.pdf\">Guzu y deporte oferta<\/a><\/p>\n<p>Siendo una comunidad en continuo movimiento, nos dimos cuenta de que los modelos de horarios y modelos organizativos que ten\u00edamos eran un obst\u00e1culo para llevar adelante nuestro proyecto. Necesit\u00e1bamos flexibilidad para desarrollar proyectos creativos, para que alumn@s de diferentes edades aprendieran junt@s, para ofrecer un espacio a muchos temas que no se trabajan en el sistema actual.<\/p>\n<p>Y dentro de ese contexto creamos GUZU. Tomando la ikastola en su conjunto, a trav\u00e9s de una organizaci\u00f3n integral de horarios, desarrollamos una propuesta valiente, innovadora y sostenible que se adaptara a las diferentes realidades de la comunidad. Y si el resultado ha sido hermoso, a\u00fan m\u00e1s hermoso ha sido el camino: tras poner en marcha una metodolog\u00eda participativa para recoger opiniones y propuestas de alumnos\/as, familias y trabajadores\/as y situar todas las piezas m\u00faltiples en el puzzle, obtuvo un amplio apoyo de la comunidad.<\/p>\n<\/div><\/div><\/div><\/div><\/div><\/div><\/div><\/section><section class=\"l-section wpb_row us_custom_4edece6e height_medium width_full\"><div class=\"l-section-h i-cf\"><div class=\"g-cols vc_row via_flex valign_top type_default stacking_default\"><div class=\"vc_col-sm-4 wpb_column vc_column_container\"><div class=\"vc_column-inner\"><div class=\"wpb_wrapper\"><div class=\"w-vwrapper us_custom_e8160605 align_center valign_top\"><div class=\"w-image align_none\"><a title=\"GUtzako (GUZU)\" href=\"\/hezkuntza\/proiektuak\/gutzako-guzu\/\" aria-label=\"gutzako-guzu\" class=\"w-image-h\"><img decoding=\"async\" width=\"1024\" height=\"745\" src=\"https:\/\/seberaltubeikastola.eus\/wp-content\/uploads\/2020\/12\/gutzako-guzu.png\" class=\"attachment-full size-full\" alt=\"\" loading=\"lazy\" srcset=\"https:\/\/seberaltubeikastola.eus\/wp-content\/uploads\/2020\/12\/gutzako-guzu.png 1024w, https:\/\/seberaltubeikastola.eus\/wp-content\/uploads\/2020\/12\/gutzako-guzu-300x218.png 300w\" sizes=\"auto, (max-width: 1024px) 100vw, 1024px\" \/><\/a><\/div><div class=\"wpb_text_column us_custom_eb849559\"><div class=\"wpb_wrapper\"><p><a href=\"\/hezkuntza\/proiektuak\/gutzako-guzu\/\"><strong>GUtzako (GUZU)<\/strong><\/a><\/p>\n<\/div><\/div><\/div><\/div><\/div><\/div><div class=\"vc_col-sm-4 wpb_column vc_column_container\"><div class=\"vc_column-inner\"><div class=\"wpb_wrapper\"><div class=\"w-vwrapper us_custom_19e95428 align_center valign_top\"><div class=\"w-image align_none\"><a title=\"GUrie (GUZU)\" href=\"\/hezkuntza\/proiektuak\/gurie-guzu\/\" aria-label=\"gurie-guzu\" class=\"w-image-h\"><img decoding=\"async\" width=\"1024\" height=\"745\" src=\"https:\/\/seberaltubeikastola.eus\/wp-content\/uploads\/2020\/12\/gurie-guzu.png\" class=\"attachment-full size-full\" alt=\"\" loading=\"lazy\" srcset=\"https:\/\/seberaltubeikastola.eus\/wp-content\/uploads\/2020\/12\/gurie-guzu.png 1024w, https:\/\/seberaltubeikastola.eus\/wp-content\/uploads\/2020\/12\/gurie-guzu-300x218.png 300w\" sizes=\"auto, (max-width: 1024px) 100vw, 1024px\" \/><\/a><\/div><div class=\"wpb_text_column us_custom_eb849559\"><div class=\"wpb_wrapper\"><p><strong><a href=\"\/hezkuntza\/proiektuak\/gurie-guzu\/\">GUrie GUZU<\/a><br \/>\n<\/strong><\/p>\n<\/div><\/div><\/div><\/div><\/div><\/div><div class=\"vc_col-sm-4 wpb_column vc_column_container\"><div class=\"vc_column-inner\"><div class=\"wpb_wrapper\"><div class=\"w-vwrapper us_custom_19e95428 align_center valign_top\"><div class=\"w-image align_none\"><a title=\"GUmakers (GUZU)\" href=\"\/hezkuntza\/proiektuak\/gumakers-guzu\/\" aria-label=\"gumakers\" class=\"w-image-h\"><img decoding=\"async\" width=\"1024\" height=\"745\" src=\"https:\/\/seberaltubeikastola.eus\/wp-content\/uploads\/2020\/12\/gumakers.png\" class=\"attachment-full size-full\" alt=\"\" loading=\"lazy\" srcset=\"https:\/\/seberaltubeikastola.eus\/wp-content\/uploads\/2020\/12\/gumakers.png 1024w, https:\/\/seberaltubeikastola.eus\/wp-content\/uploads\/2020\/12\/gumakers-300x218.png 300w\" sizes=\"auto, (max-width: 1024px) 100vw, 1024px\" \/><\/a><\/div><div class=\"wpb_text_column us_custom_eb849559\"><div class=\"wpb_wrapper\"><p><a href=\"\/hezkuntza\/proiektuak\/gumakers-guzu\/\"><strong>GUmakers (GUZU)<\/strong><\/a><\/p>\n<\/div><\/div><\/div><\/div><\/div><\/div><\/div><\/div><\/section>\n","protected":false},"excerpt":{"rendered":"HORARIOS GUZU 2022-2023: Guzu y deporte oferta Siendo una comunidad en continuo movimiento, nos dimos cuenta de que los modelos de horarios y modelos organizativos que ten\u00edamos eran un obst\u00e1culo para llevar adelante nuestro proyecto. Necesit\u00e1bamos flexibilidad para desarrollar proyectos creativos, para que alumn@s de diferentes edades aprendieran junt@s, para ofrecer un espacio a muchos...","protected":false},"author":6,"featured_media":0,"parent":2647,"menu_order":0,"comment_status":"closed","ping_status":"closed","template":"","meta":{"_acf_changed":false,"footnotes":""},"class_list":["post-2602","page","type-page","status-publish","hentry"],"acf":[],"_links":{"self":[{"href":"https:\/\/seberaltubeikastola.eus\/es\/wp-json\/wp\/v2\/pages\/2602","targetHints":{"allow":["GET"]}}],"collection":[{"href":"https:\/\/seberaltubeikastola.eus\/es\/wp-json\/wp\/v2\/pages"}],"about":[{"href":"https:\/\/seberaltubeikastola.eus\/es\/wp-json\/wp\/v2\/types\/page"}],"author":[{"embeddable":true,"href":"https:\/\/seberaltubeikastola.eus\/es\/wp-json\/wp\/v2\/users\/6"}],"replies":[{"embeddable":true,"href":"https:\/\/seberaltubeikastola.eus\/es\/wp-json\/wp\/v2\/comments?post=2602"}],"version-history":[{"count":7,"href":"https:\/\/seberaltubeikastola.eus\/es\/wp-json\/wp\/v2\/pages\/2602\/revisions"}],"predecessor-version":[{"id":3154,"href":"https:\/\/seberaltubeikastola.eus\/es\/wp-json\/wp\/v2\/pages\/2602\/revisions\/3154"}],"up":[{"embeddable":true,"href":"https:\/\/seberaltubeikastola.eus\/es\/wp-json\/wp\/v2\/pages\/2647"}],"wp:attachment":[{"href":"https:\/\/seberaltubeikastola.eus\/es\/wp-json\/wp\/v2\/media?parent=2602"}],"curies":[{"name":"wp","href":"https:\/\/api.w.org\/{rel}","templated":true}]}}