{"id":2768,"date":"2020-12-16T11:23:55","date_gmt":"2020-12-16T10:23:55","guid":{"rendered":"https:\/\/seberaltubeikastola.eus\/hezkuntza\/proiektuak\/ikadig-egitasmoa\/"},"modified":"2022-05-31T11:41:15","modified_gmt":"2022-05-31T10:41:15","slug":"ikadig-egitasmoa","status":"publish","type":"page","link":"https:\/\/seberaltubeikastola.eus\/es\/hezkuntza\/proiektuak\/ikadig-egitasmoa\/","title":{"rendered":"IkaDig"},"content":{"rendered":"<section class=\"l-section wpb_row height_medium\"><div class=\"l-section-h i-cf\"><div class=\"g-cols vc_row via_flex valign_top type_default stacking_default\"><div class=\"vc_col-sm-8 wpb_column vc_column_container\"><div class=\"vc_column-inner\"><div class=\"wpb_wrapper\"><div class=\"wpb_text_column\"><div class=\"wpb_wrapper\"><p>Para las ikastolas, como instituciones educativas, se trata de un proyecto de apoyo al desarrollo de su competencia digital y de dise\u00f1o de un marco de integraci\u00f3n y uso eficiente de las tecnolog\u00edas digitales.<\/p>\n<p>Para ello, se tendr\u00e1n en cuenta las necesidades y la situaci\u00f3n de cada ikastola, los diferentes proyectos y marcos planteados en el entorno m\u00e1s cercano (Departamento de Educaci\u00f3n, Gobierno de Navarra, Estado y Europa).<\/p>\n<p>Ayudar a cada ikastola a elaborar su propio plan de digitalizaci\u00f3n acorde con su proyecto educativo y que le ayude en su gesti\u00f3n, as\u00ed como a definir en su plan estrat\u00e9gico y anual, de cara a Ikastolen Elkartea, qu\u00e9 actividades y desarrollos debe realizar para contribuir a la digitalizaci\u00f3n de las ikastolas.<\/p>\n<\/div><\/div><div class=\"w-btn-wrapper align_none\"><a class=\"w-btn us-btn-style_1 icon_atleft\" href=\"\/wp-content\/uploads\/2020\/12\/IkaDig-egitasmoaren-azalpena-eta-berezitasunak.pdf\"><i class=\"fas fa-file-pdf\"><\/i><span class=\"w-btn-label\">Descripci\u00f3n del proyecto IkaDig y sus singularidades<\/span><\/a><\/div><div class=\"w-btn-wrapper align_none\"><a class=\"w-btn us-btn-style_1 icon_atleft\" href=\"\/wp-content\/uploads\/2020\/12\/IkaDig-egitasmoa-eremu-bakoitzaren-deskribapena.pdf\"><i class=\"fas fa-file-pdf\"><\/i><span class=\"w-btn-label\">Descripci\u00f3n de cada espacio de IkaDig<\/span><\/a><\/div><\/div><\/div><\/div><div class=\"vc_col-sm-4 wpb_column vc_column_container\"><div class=\"vc_column-inner\"><div class=\"wpb_wrapper\"><div class=\"w-image align_none\"><div class=\"w-image-h\"><img decoding=\"async\" width=\"1024\" height=\"745\" src=\"https:\/\/seberaltubeikastola.eus\/wp-content\/uploads\/2020\/12\/ikadig.png\" class=\"attachment-large size-large\" alt=\"\" loading=\"lazy\" srcset=\"https:\/\/seberaltubeikastola.eus\/wp-content\/uploads\/2020\/12\/ikadig.png 1024w, https:\/\/seberaltubeikastola.eus\/wp-content\/uploads\/2020\/12\/ikadig-300x218.png 300w\" sizes=\"auto, (max-width: 1024px) 100vw, 1024px\" \/><\/div><\/div><\/div><\/div><\/div><\/div><\/div><\/section>\n","protected":false},"excerpt":{"rendered":"Para las ikastolas, como instituciones educativas, se trata de un proyecto de apoyo al desarrollo de su competencia digital y de dise\u00f1o de un marco de integraci\u00f3n y uso eficiente de las tecnolog\u00edas digitales. Para ello, se tendr\u00e1n en cuenta las necesidades y la situaci\u00f3n de cada ikastola, los diferentes proyectos y marcos planteados en...","protected":false},"author":1,"featured_media":2286,"parent":2604,"menu_order":0,"comment_status":"closed","ping_status":"closed","template":"","meta":{"_acf_changed":false,"footnotes":""},"class_list":["post-2768","page","type-page","status-publish","has-post-thumbnail","hentry"],"acf":[],"_links":{"self":[{"href":"https:\/\/seberaltubeikastola.eus\/es\/wp-json\/wp\/v2\/pages\/2768","targetHints":{"allow":["GET"]}}],"collection":[{"href":"https:\/\/seberaltubeikastola.eus\/es\/wp-json\/wp\/v2\/pages"}],"about":[{"href":"https:\/\/seberaltubeikastola.eus\/es\/wp-json\/wp\/v2\/types\/page"}],"author":[{"embeddable":true,"href":"https:\/\/seberaltubeikastola.eus\/es\/wp-json\/wp\/v2\/users\/1"}],"replies":[{"embeddable":true,"href":"https:\/\/seberaltubeikastola.eus\/es\/wp-json\/wp\/v2\/comments?post=2768"}],"version-history":[{"count":3,"href":"https:\/\/seberaltubeikastola.eus\/es\/wp-json\/wp\/v2\/pages\/2768\/revisions"}],"predecessor-version":[{"id":2771,"href":"https:\/\/seberaltubeikastola.eus\/es\/wp-json\/wp\/v2\/pages\/2768\/revisions\/2771"}],"up":[{"embeddable":true,"href":"https:\/\/seberaltubeikastola.eus\/es\/wp-json\/wp\/v2\/pages\/2604"}],"wp:featuredmedia":[{"embeddable":true,"href":"https:\/\/seberaltubeikastola.eus\/es\/wp-json\/wp\/v2\/media\/2286"}],"wp:attachment":[{"href":"https:\/\/seberaltubeikastola.eus\/es\/wp-json\/wp\/v2\/media?parent=2768"}],"curies":[{"name":"wp","href":"https:\/\/api.w.org\/{rel}","templated":true}]}}